{"id":390,"date":"2014-07-29T09:08:35","date_gmt":"2014-07-29T07:08:35","guid":{"rendered":"http:\/\/www.le-sidh.org\/wicca\/?page_id=390"},"modified":"2019-07-15T14:40:03","modified_gmt":"2019-07-15T12:40:03","slug":"rituels","status":"publish","type":"page","link":"https:\/\/www.le-sidh.org\/wicca\/rituels\/","title":{"rendered":"Cercle Magique"},"content":{"rendered":"<p style=\"text-align: justify;\">Voici le squelette d&rsquo;un rituel standard de la wicca traditionnelle (esbat &amp; sabbats), les textes en lien sont tir\u00e9s de : <em>A witches&rsquo; Bible<\/em> par Janet et Stewart Farrar :<\/p>\n<ul>\n<li><a title=\"Cons\u00e9cration du cercle\" href=\"https:\/\/www.le-sidh.org\/wicca\/rituels\/consecration-du-cercle\/\" target=\"_blank\" rel=\"noopener noreferrer\">Cons\u00e9cration du cercle<\/a><\/li>\n<li><a title=\"Descente de la lune\" href=\"https:\/\/www.le-sidh.org\/wicca\/rituels\/descente-de-la-lune\/\" target=\"_blank\" rel=\"noopener noreferrer\">La Descente de la Lune,<\/a><\/li>\n<li><a title=\"La Charge de la D\u00e9esse\" href=\"https:\/\/www.le-sidh.org\/wicca\/rituels\/la-charge-de-la-deesse\/\" target=\"_blank\" rel=\"noopener noreferrer\">La Charge de la D\u00e9esse,<\/a><\/li>\n<li><a title=\"Chants &amp; c\u00f4ne de pouvoir\" href=\"https:\/\/www.le-sidh.org\/wicca\/rituels\/chants-cone-de-pouvoir\/\" target=\"_blank\" rel=\"noopener noreferrer\">Chants, danses, \u00e9riger le c\u00f4ne de pouvoir<\/a><\/li>\n<li>[travail optionnel, par exemple <a title=\"Sabbats\" href=\"https:\/\/www.le-sidh.org\/wicca\/sabbats\/\" target=\"_blank\" rel=\"noopener noreferrer\">la c\u00e9l\u00e9bration d&rsquo;un sabbat<\/a>, <a href=\"https:\/\/www.le-sidh.org\/wicca\/pratiques-rituelles-sorcieres\/charmes-sortileges\/\" target=\"_blank\" rel=\"noopener noreferrer\">travaux magiques<\/a> dans le cadre d&rsquo;un esbat]<\/li>\n<li><a title=\"Le Grand Rite\" href=\"https:\/\/www.le-sidh.org\/wicca\/rituels\/le-grand-rite\/\" target=\"_blank\" rel=\"noopener noreferrer\">Le Grand Rite<\/a><\/li>\n<li><a title=\"Cons\u00e9cration du vin et des g\u00e2teaux\" href=\"https:\/\/www.le-sidh.org\/wicca\/rituels\/consecration-du-vin-et-des-gateaux\/\" target=\"_blank\" rel=\"noopener noreferrer\">Cons\u00e9cration du Vin et des G\u00e2teaux<\/a><\/li>\n<li>[C&rsquo;est le moment de se relaxer et de discuter (affaires du coven, enseignements, retours\/d\u00e9briefing sur la c\u00e9l\u00e9bration, etc.)]<\/li>\n<li><a title=\"R\u00e9ouverture du cercle\" href=\"https:\/\/www.le-sidh.org\/wicca\/rituels\/reouverture-du-cercle\/\" target=\"_blank\" rel=\"noopener noreferrer\">Bannissement du cercle<\/a><\/li>\n<\/ul>\n<p style=\"text-align: justify;\">Vous trouverez d&rsquo;autres proc\u00e9dures pour tracer et consacrer le Cercle magique, issues de diff\u00e9rentes traditions sorci\u00e8res ou \u00e9clectiques [r\u00e9daction en cours] :<\/p>\n<p><strong>Projection &amp; bannissement du cercle :<\/strong><\/p>\n<ul>\n<li><a href=\"https:\/\/www.le-sidh.org\/wicca\/pratiques-rituelles-sorcieres\/rituels-divers-et-bases\/projeter-et-dissiper-le-cercle-magique-cunningham\/\" target=\"_blank\" rel=\"noopener noreferrer\">Projection du cercle magique et sa r\u00e9vocation<\/a><\/li>\n<li><a href=\"https:\/\/www.le-sidh.org\/wicca\/pratiques-rituelles-sorcieres\/benedictions-purification-detachement\/priere-de-purification-et-fumigations\/\" target=\"_blank\" rel=\"noopener noreferrer\">Pri\u00e8re de purification et fumigations<\/a><\/li>\n<\/ul>\n<ul>\n<li><a href=\"https:\/\/www.le-sidh.org\/wicca\/rituels\/rapide-appel-des-elements\/\" target=\"_blank\" rel=\"noopener noreferrer\">Rapide appel des \u00e9l\u00e9ments.<\/a><\/li>\n<li><a href=\"https:\/\/www.le-sidh.org\/wicca\/rituels\/exercices-tracer-et-defaire-un-cercle\/\" target=\"_blank\" rel=\"noopener noreferrer\">Exercices Reclaiming : tracer et d\u00e9faire le cercle<\/a>.<\/li>\n<\/ul>\n<ul>\n<li><a href=\"https:\/\/www.le-sidh.org\/wicca\/rituels\/sanctifier-et-tracer-la-boussole\/\" target=\"_blank\" rel=\"noopener noreferrer\">Sanctifier et Tracer la Boussole<\/a><\/li>\n<\/ul>\n<p>La danse de rencontre, la danse en spirale et le c\u00f4ne de pouvoir :<\/p>\n<ul>\n<li><a href=\"https:\/\/www.le-sidh.org\/wicca\/livres-des-ombres-gardnerien\/le-livre-des-ombres-de-1953\/la-danse-de-rencontre-1953\/\" target=\"_blank\" rel=\"noopener noreferrer\">La danse de rencontre<\/a>, extrait du livre des ombres gardn\u00e9rien de 1953<\/li>\n<li><a href=\"https:\/\/www.le-sidh.org\/wicca\/pratiques-rituelles-sorcieres\/meditations-transe\/la-danse-en-spirale-par-starhawk\/\" target=\"_blank\" rel=\"noopener noreferrer\">La danse en spirale<\/a>, par Starhawk<\/li>\n<li><a href=\"https:\/\/www.le-sidh.org\/wicca\/liber-umbrarum\/chants-danses\/\" target=\"_blank\" rel=\"noopener noreferrer\">Chants &amp; danses<\/a>, extrait du liber umbrarum par Doreen Valiente<\/li>\n<\/ul>\n<p>&nbsp;<\/p>\n","protected":false},"excerpt":{"rendered":"<p>Voici le squelette d&rsquo;un rituel standard de la wicca traditionnelle (esbat &amp; sabbats), les textes en lien sont tir\u00e9s de : A witches&rsquo; Bible par Janet et Stewart Farrar : Cons\u00e9cration du cercle La Descente de la Lune, La Charge de la D\u00e9esse, Chants, danses, \u00e9riger le c\u00f4ne de pouvoir [travail optionnel, par exemple la&#8230;<\/p>\n","protected":false},"author":2,"featured_media":0,"parent":0,"menu_order":0,"comment_status":"closed","ping_status":"closed","template":"silo.php","meta":{"footnotes":""},"class_list":["post-390","page","type-page","status-publish","hentry"],"_links":{"self":[{"href":"https:\/\/www.le-sidh.org\/wicca\/wp-json\/wp\/v2\/pages\/390","targetHints":{"allow":["GET"]}}],"collection":[{"href":"https:\/\/www.le-sidh.org\/wicca\/wp-json\/wp\/v2\/pages"}],"about":[{"href":"https:\/\/www.le-sidh.org\/wicca\/wp-json\/wp\/v2\/types\/page"}],"author":[{"embeddable":true,"href":"https:\/\/www.le-sidh.org\/wicca\/wp-json\/wp\/v2\/users\/2"}],"replies":[{"embeddable":true,"href":"https:\/\/www.le-sidh.org\/wicca\/wp-json\/wp\/v2\/comments?post=390"}],"version-history":[{"count":17,"href":"https:\/\/www.le-sidh.org\/wicca\/wp-json\/wp\/v2\/pages\/390\/revisions"}],"predecessor-version":[{"id":7170,"href":"https:\/\/www.le-sidh.org\/wicca\/wp-json\/wp\/v2\/pages\/390\/revisions\/7170"}],"wp:attachment":[{"href":"https:\/\/www.le-sidh.org\/wicca\/wp-json\/wp\/v2\/media?parent=390"}],"curies":[{"name":"wp","href":"https:\/\/api.w.org\/{rel}","templated":true}]}}