{"id":32,"date":"2014-07-13T16:50:39","date_gmt":"2014-07-13T14:50:39","guid":{"rendered":"http:\/\/www.le-sidh.org\/wicca\/?page_id=32"},"modified":"2021-10-08T13:32:01","modified_gmt":"2021-10-08T11:32:01","slug":"sabbats","status":"publish","type":"page","link":"https:\/\/www.le-sidh.org\/wicca\/sabbats\/","title":{"rendered":"Sabbats"},"content":{"rendered":"<div id=\"stcpDiv\" style=\"text-align: justify;\">\n<p>Les 8 sabbats. Rituels solaires. Retrouvez ci-dessous tous les rituels et pratiques d\u00e9di\u00e9s aux Sabbats.<\/p>\n<div><strong>Sabbats majeurs :<\/strong><\/div>\n<ul>\n<li><a href=\"https:\/\/www.le-sidh.org\/wicca\/sabbats\/samhain\/\" target=\"_blank\" rel=\"noopener noreferrer\">Sabbat de la Veille de la Toussaint. Hallowe&rsquo;en. Samhain<\/a><\/li>\n<li><a href=\"https:\/\/www.le-sidh.org\/wicca\/sabbats\/imbolc\/\" target=\"_blank\" rel=\"noopener noreferrer\">Sabbat de la Veille de F\u00e9vrier. Imbolc. <\/a><\/li>\n<li><a href=\"https:\/\/www.le-sidh.org\/wicca\/sabbats\/beltane\/\" target=\"_blank\" rel=\"noopener noreferrer\">Sabbat de la Veille de Mai. Beltane<\/a><\/li>\n<li><a href=\"https:\/\/www.le-sidh.org\/wicca\/sabbats\/lughnasadh\/\" target=\"_blank\" rel=\"noopener noreferrer\">Sabbat de la Veille d&rsquo;Ao\u00fbt. Lammas. Lughnasadh. <\/a><\/li>\n<\/ul>\n<div><\/div>\n<div><strong>Sabbats mineurs :<\/strong><\/div>\n<ul>\n<li><a href=\"https:\/\/www.le-sidh.org\/wicca\/sabbats\/solstice-dhiver\/\">Solstice d&rsquo;Hiver. Yule.<\/a><\/li>\n<li><a href=\"https:\/\/www.le-sidh.org\/wicca\/sabbats\/ostara\/\">\u00c9quinoxe de Printemps. Ostara.<\/a><\/li>\n<li><a href=\"https:\/\/www.le-sidh.org\/wicca\/sabbats\/litha\/\">Solstice d&rsquo;Et\u00e9. Litha. Midsummer.<\/a><\/li>\n<li><a href=\"https:\/\/www.le-sidh.org\/wicca\/sabbats\/mabon\/\" target=\"_blank\" rel=\"noopener noreferrer\">\u00c9quinoxe d&rsquo;Automne. Mabon.<\/a><\/li>\n<\/ul>\n<p>\u00c0 propos des sabbats, articles g\u00e9n\u00e9raux (liste en cours de r\u00e9daction) :<\/p>\n<ul>\n<li><a href=\"https:\/\/www.le-sidh.org\/wicca\/sabbats\/celebrer-les-sabbats\/\" target=\"_blank\" rel=\"noopener\">C\u00e9l\u00e9brer les sabbats<\/a>, extrait du livre de Marion Weinstein.<\/li>\n<\/ul>\n<p style=\"text-align: justify;\">Pour connaitre les dates des solstices et \u00e9quinoxes, consultez le site de l&rsquo;Institut de M\u00e9canique C\u00e9leste et de Calcul des \u00c9ph\u00e9m\u00e9rides (IMCCE) : <a href=\"https:\/\/promenade.imcce.fr\/fr\/pages4\/439.html\" target=\"_blank\" rel=\"noopener noreferrer\">https:\/\/promenade.imcce.fr\/fr\/pages4\/439.html<\/a><\/p>\n<p>Et si vous vous demandez pourquoi les dates des sabbats mineurs ne sont pas fixes, voici un article qui l&rsquo;explique :<\/p>\n<blockquote class=\"wp-embedded-content\" data-secret=\"UnEBzFOflz\"><p><a href=\"https:\/\/www.le-sidh.org\/wicca\/pratiques-rituelles-sorcieres\/la-date-exacte-des-sabbats-mineurs\/\">La date exacte des sabbats mineurs<\/a><\/p><\/blockquote>\n<p><iframe loading=\"lazy\" class=\"wp-embedded-content\" sandbox=\"allow-scripts\" security=\"restricted\" style=\"position: absolute; clip: rect(1px, 1px, 1px, 1px);\" title=\"\u00ab\u00a0La date exacte des sabbats mineurs\u00a0\u00bb &#8212; Les Portes du Sidh\" src=\"https:\/\/www.le-sidh.org\/wicca\/pratiques-rituelles-sorcieres\/la-date-exacte-des-sabbats-mineurs\/embed\/#?secret=UnEBzFOflz\" data-secret=\"UnEBzFOflz\" width=\"600\" height=\"338\" frameborder=\"0\" marginwidth=\"0\" marginheight=\"0\" scrolling=\"no\"><\/iframe><\/p>\n<p>Si vous n&rsquo;habitez pas une r\u00e9gion temp\u00e9r\u00e9e&#8230;<\/p>\n<ul>\n<li><a href=\"https:\/\/www.le-sidh.org\/wicca\/sur-la-wicca-la-sorcellerie\/reflexions\/comment-pratiquer-la-wicca-dans-une-region-equatoriale-tropicale-ou-nordique\/\" target=\"_blank\" rel=\"noopener noreferrer\">Comment pratiquer la wicca dans une r\u00e9gion \u00e9quatoriale, tropicale, ou nordique ?<\/a><\/li>\n<\/ul>\n<\/div>\n","protected":false},"excerpt":{"rendered":"<p>Les 8 sabbats. Rituels solaires. Retrouvez ci-dessous tous les rituels et pratiques d\u00e9di\u00e9s aux Sabbats. Sabbats majeurs : Sabbat de la Veille de la Toussaint. Hallowe&rsquo;en. Samhain Sabbat de la Veille de F\u00e9vrier. Imbolc. Sabbat de la Veille de Mai. Beltane Sabbat de la Veille d&rsquo;Ao\u00fbt. Lammas. Lughnasadh. Sabbats mineurs : Solstice d&rsquo;Hiver. Yule. \u00c9quinoxe&#8230;<\/p>\n","protected":false},"author":2,"featured_media":0,"parent":0,"menu_order":0,"comment_status":"closed","ping_status":"closed","template":"","meta":{"footnotes":""},"class_list":["post-32","page","type-page","status-publish","hentry"],"_links":{"self":[{"href":"https:\/\/www.le-sidh.org\/wicca\/wp-json\/wp\/v2\/pages\/32","targetHints":{"allow":["GET"]}}],"collection":[{"href":"https:\/\/www.le-sidh.org\/wicca\/wp-json\/wp\/v2\/pages"}],"about":[{"href":"https:\/\/www.le-sidh.org\/wicca\/wp-json\/wp\/v2\/types\/page"}],"author":[{"embeddable":true,"href":"https:\/\/www.le-sidh.org\/wicca\/wp-json\/wp\/v2\/users\/2"}],"replies":[{"embeddable":true,"href":"https:\/\/www.le-sidh.org\/wicca\/wp-json\/wp\/v2\/comments?post=32"}],"version-history":[{"count":20,"href":"https:\/\/www.le-sidh.org\/wicca\/wp-json\/wp\/v2\/pages\/32\/revisions"}],"predecessor-version":[{"id":9621,"href":"https:\/\/www.le-sidh.org\/wicca\/wp-json\/wp\/v2\/pages\/32\/revisions\/9621"}],"wp:attachment":[{"href":"https:\/\/www.le-sidh.org\/wicca\/wp-json\/wp\/v2\/media?parent=32"}],"curies":[{"name":"wp","href":"https:\/\/api.w.org\/{rel}","templated":true}]}}